{"id":612,"date":"2016-05-06T10:53:29","date_gmt":"2016-05-06T13:53:29","guid":{"rendered":"http:\/\/proppg.unilab.edu.br\/?page_id=612"},"modified":"2025-02-19T09:37:54","modified_gmt":"2025-02-19T12:37:54","slug":"pos-graduacao-lato-sensu","status":"publish","type":"page","link":"https:\/\/proppg.unilab.edu.br\/index.php\/pos-graduacao-lato-sensu\/","title":{"rendered":"P\u00f3s-Gradua\u00e7\u00e3o &#8211; Lato Sensu"},"content":{"rendered":"<h1><strong>Cursos Lato Sensu (Especializa\u00e7\u00e3o)<\/strong><\/h1>\n<h4><strong>Cursos ativos<\/strong><\/h4>\n<p>Modalidade a Dist\u00e2ncia<\/p>\n<ul>\n<li><a href=\"https:\/\/unilab.edu.br\/iead\/ciencias-10\/\" target=\"_blank\" rel=\"noreferrer noopener\">Ci\u00eancia \u00e9 10!<\/a><\/li>\n<li><a href=\"http:\/\/especializacaogestaorecursoshidricos.ead.unilab.edu.br\/\" target=\"_blank\" rel=\"noopener\">Gest\u00e3o de Recursos H\u00eddricos, Ambientes e Energ\u00e9ticos<\/a><\/li>\n<li><a title=\"CURSO DE ESPECIALIZA\u00c7\u00c3O LATO SENSU EM SA\u00daDE DA FAM\u00cdLIA\" href=\"https:\/\/unilab.edu.br\/especializacao-em-saude-da-familia\/\" target=\"_blank\" rel=\"noopener\">SA\u00daDE DA FAM\u00cdLIA<\/a><\/li>\n<\/ul>\n<hr \/>\n<h4><strong>Cursos inativos<\/strong><\/h4>\n<p>Modalidade presencial<\/p>\n<ul>\n<li><a title=\"Gest\u00e3o Governamental\" href=\"https:\/\/proppg.unilab.edu.br\/index.php\/pos-graduacao\/lato-sensu\/especializacao-presencial\/gestao-governamental\/\">Gest\u00e3o Governamental<\/a><\/li>\n<li><a title=\"Hist\u00f3rias e Culturas Afro-brasileira, Ind\u00edgena e Africana\" href=\"https:\/\/proppg.unilab.edu.br\/index.php\/pos-graduacao\/lato-sensu\/especializacao-presencial\/historias-e-culturas-afro-brasileira-indigena-e-africana\/\">Hist\u00f3rias e Culturas Afro-brasileira, Ind\u00edgena e Africana<\/a><\/li>\n<li><a href=\"http:\/\/unilab.edu.br\/especializacao-em-sistemas-agricolas-sustentaveis-do-semiarido\/\">Especializa\u00e7\u00e3o em Sistemas Agr\u00edcolas Sustent\u00e1veis do Semi\u00e1rido<\/a><\/li>\n<\/ul>\n<p>Modalidade \u00e0 Dist\u00e2ncia<\/p>\n<ul>\n<li><a title=\"Gest\u00e3o P\u00fablica Municipal\" href=\"http:\/\/especializacaogestaopublicamunicipal.ead.unilab.edu.br\/\">Gest\u00e3o P\u00fablica Municipal<\/a><\/li>\n<li><a href=\"http:\/\/especializacaosaudedafamilia.ead.unilab.edu.br\/\" target=\"_blank\" rel=\"noopener\">Sa\u00fade da Fam\u00edlia<\/a><\/li>\n<li><a href=\"https:\/\/unilab.edu.br\/esan\/\" target=\"_blank\" rel=\"noopener\">Seguran\u00e7a alimentar e nutricional<\/a><\/li>\n<li><a href=\"https:\/\/unilab.edu.br\/iead\/genero-diversidade-e-direitos\/\" target=\"_blank\" rel=\"noreferrer noopener\">G\u00eanero, Diversidade e Direitos Humanos<\/a><\/li>\n<li><a href=\"https:\/\/unilab.edu.br\/iead\/esp-gestao-em-saude\/\" target=\"_blank\" rel=\"noreferrer noopener\">Gest\u00e3o em Sa\u00fade<\/a><\/li>\n<li><a href=\"https:\/\/unilab.edu.br\/iead\/gestao-publica\/\" target=\"_blank\" rel=\"noreferrer noopener\">Gest\u00e3o P\u00fablica<\/a><\/li>\n<li><a href=\"https:\/\/unilab.edu.br\/iead\/literaturas-africanas-lingua-portuguesa\/\" target=\"_blank\" rel=\"noreferrer noopener\">Literaturas Africanas de L\u00edngua Portuguesa<\/a><\/li>\n<li><a href=\"https:\/\/unilab.edu.br\/iead\/metod-ensino-fund-e-medio\/\" target=\"_blank\" rel=\"noreferrer noopener\">Metodologias Interdisciplinares e Interculturais para o Ensino Fundamental e M\u00e9dio<\/a><\/li>\n<\/ul>\n","protected":false},"excerpt":{"rendered":"<p>Cursos Lato Sensu (Especializa\u00e7\u00e3o) Cursos ativos Modalidade a Dist\u00e2ncia Ci\u00eancia \u00e9 10! Gest\u00e3o de Recursos H\u00eddricos, Ambientes e Energ\u00e9ticos SA\u00daDE DA FAM\u00cdLIA Cursos inativos Modalidade presencial Gest\u00e3o Governamental Hist\u00f3rias e Culturas Afro-brasileira, Ind\u00edgena e Africana Especializa\u00e7\u00e3o em Sistemas Agr\u00edcolas Sustent\u00e1veis do Semi\u00e1rido Modalidade \u00e0 Dist\u00e2ncia Gest\u00e3o P\u00fablica Municipal Sa\u00fade da Fam\u00edlia Seguran\u00e7a alimentar e nutricional [&hellip;]<\/p>\n","protected":false},"author":2,"featured_media":0,"parent":0,"menu_order":0,"comment_status":"closed","ping_status":"closed","template":"","meta":{"_uag_custom_page_level_css":"","footnotes":""},"class_list":["post-612","page","type-page","status-publish","hentry"],"uagb_featured_image_src":{"full":false,"thumbnail":false,"medium":false,"medium_large":false,"large":false,"1536x1536":false,"2048x2048":false},"uagb_author_info":{"display_name":"PROPPG UNILAB","author_link":"https:\/\/proppg.unilab.edu.br\/index.php\/author\/proppg\/"},"uagb_comment_info":0,"uagb_excerpt":"Cursos Lato Sensu (Especializa\u00e7\u00e3o) Cursos ativos Modalidade a Dist\u00e2ncia Ci\u00eancia \u00e9 10! Gest\u00e3o de Recursos H\u00eddricos, Ambientes e Energ\u00e9ticos SA\u00daDE DA FAM\u00cdLIA Cursos inativos Modalidade presencial Gest\u00e3o Governamental Hist\u00f3rias e Culturas Afro-brasileira, Ind\u00edgena e Africana Especializa\u00e7\u00e3o em Sistemas Agr\u00edcolas Sustent\u00e1veis do Semi\u00e1rido Modalidade \u00e0 Dist\u00e2ncia Gest\u00e3o P\u00fablica Municipal Sa\u00fade da Fam\u00edlia Seguran\u00e7a alimentar e nutricional&hellip;","_links":{"self":[{"href":"https:\/\/proppg.unilab.edu.br\/index.php\/wp-json\/wp\/v2\/pages\/612","targetHints":{"allow":["GET"]}}],"collection":[{"href":"https:\/\/proppg.unilab.edu.br\/index.php\/wp-json\/wp\/v2\/pages"}],"about":[{"href":"https:\/\/proppg.unilab.edu.br\/index.php\/wp-json\/wp\/v2\/types\/page"}],"author":[{"embeddable":true,"href":"https:\/\/proppg.unilab.edu.br\/index.php\/wp-json\/wp\/v2\/users\/2"}],"replies":[{"embeddable":true,"href":"https:\/\/proppg.unilab.edu.br\/index.php\/wp-json\/wp\/v2\/comments?post=612"}],"version-history":[{"count":19,"href":"https:\/\/proppg.unilab.edu.br\/index.php\/wp-json\/wp\/v2\/pages\/612\/revisions"}],"predecessor-version":[{"id":7361,"href":"https:\/\/proppg.unilab.edu.br\/index.php\/wp-json\/wp\/v2\/pages\/612\/revisions\/7361"}],"wp:attachment":[{"href":"https:\/\/proppg.unilab.edu.br\/index.php\/wp-json\/wp\/v2\/media?parent=612"}],"curies":[{"name":"wp","href":"https:\/\/api.w.org\/{rel}","templated":true}]}}